{"id":3782,"date":"2017-08-01T10:17:06","date_gmt":"2017-08-01T08:17:06","guid":{"rendered":"http:\/\/divinaart.at\/verein\/sozialprojekte\/"},"modified":"2022-11-07T14:02:27","modified_gmt":"2022-11-07T13:02:27","slug":"sozialprojekte","status":"publish","type":"page","link":"https:\/\/divinaart.at\/en\/verein\/sozialprojekte\/","title":{"rendered":"Social projects"},"content":{"rendered":"<h2><strong>divina art unterst\u00fctzt ausgew\u00e4hlte Sozialprojekte<\/strong><\/h2>\n<h3><strong>Verein Kind-Familie-Umwelt<\/strong><\/h3>\n<p>Der Verein \u201eKind-Familie-Umwelt\u201c f\u00f6rdert psychisch und physisch in Not geratene Kinder und Jugendliche, indem er finanzielle Mittel f\u00fcr Psychotherapie, psychologische Behandlung und Beratung zur Verf\u00fcgung stellt. Dies geschieht auf unb\u00fcrokratischem Weg, in Notf\u00e4llen innerhalb k\u00fcrzester Zeit.<\/p>\n<p>Samstag, den 10.12. ab 14 Uhr findet auf der B\u00fchne ein musikalisches Programm unterst\u00fctzt durch Alb Bora statt. Im europ\u00e4ischen Istanbul geboren, im anatolischen Ankara und im orientalischen Bagdad aufgewachsen, fand Musiker Alp Bora 1998 seine wahre Heimat in Wien. Mit Fischerliedern, Kreist\u00e4nzen, Schlaf- oder Liebesliedern, begeistert Alp Bora Menschen aus der ganzen Welt. Oft wird es auch fetzig, wenn Hirtenmelodien sich mit Tanzmusik und Festkl\u00e4ngen mischen.<\/p>\n<p>Am Kunsthandwerksmarkt k\u00f6nnen sich Interessierte \u00fcber die vielen Aktivit\u00e4ten des Vereins und Spendenm\u00f6glichkeiten informieren. Dabei k\u00f6nnen Sie sich Geschenke und Mitbringsel am Verpackungsstand von\u00a0<strong>divina art<\/strong>\u00a0sch\u00f6n verpacken lassen \u2013 gegen freiwillige Spenden! Der Gesamterl\u00f6s wird direkt ohne Abzug in Therapiesitzungen mit Kindern umgewandelt.<\/p>\n<p>Weitere Informationen unter\u00a0<a href=\"http:\/\/www.kind-familie-umwelt.at\/\" target=\"_blank\" rel=\"noopener\">www.kind-familie-umwelt.at<\/a><\/p>\n<h3><strong>KunsthandwerkerInnen f\u00fcr KunsthandwerkerInnen<\/strong><\/h3>\n<p>Die meisten KunsthandwerkerInnen sind Ein-Personen-Unternehmen, die ausschlie\u00dflich von der eigenen Arbeitsleistung leben. Ein l\u00e4ngerer Ausfall durch Krankheit oder Betreuungspflichten kann Existenz bedrohend sein.<\/p>\n<p><strong>divina art<\/strong>\u00a0unterst\u00fctzt Mitglieder, die unverschuldet in Not geraten.<\/p>\n<h3><strong>Der \u201e\u00d61 Wunschstand\u201c zugunsten \u201eLicht ins Dunkel\u201c \u2013 Wunsch &amp; Punsch f\u00fcr den guten Zweck<\/strong><\/h3>\n<p>In diesem Jahr wird der Informations- und Kultursender \u00d61 zum ersten Mal w\u00e4hrend der gesamten Adventzeit mit dem \u201e\u00d61 Wunschstand\u201c (nahe der U-Bahn-Station Karlsplatz) am Kunstadventmarkt Karlsplatz vertreten sein.<\/p>\n<p>Unter dem Motto \u201eW\u00fcnschen hilft\u201c k\u00f6nnen BesucherInnen dort gegen eine Spende f\u00fcr \u201eLicht ins Dunkel\u201c einen Musikwunsch an \u00d61 abgeben. Diese W\u00fcnsche werden je nach Umfang und Genre am \u201eHeiligen Abend\u201c in \u00d61 erf\u00fcllt. Au\u00dferdem k\u00f6nnen Sie gegen eine Spende B\u00fccher aus den \u00d61 Redaktionen erwerben und an einzelnen Tagen bekannte \u00d61 MitarbeiterInnen pers\u00f6nlich beim \u00d61 Wunschstand kennen lernen.<\/p>\n<p>F\u00fcr das leibliche Wohl wird selbstverst\u00e4ndlich gesorgt, der Reinerl\u00f6s aus dem Verkauf von Speisen und Getr\u00e4nken flie\u00dft ebenfalls an \u201eLicht ins Dunkel\u201c.<\/p>\n<p><a href=\"http:\/\/www.lichtinsdunkel.orf.at\/\" target=\"_blank\" rel=\"noopener\">www.lichtinsdunkel.ORF.at<\/a><br \/>\n<a href=\"http:\/\/oe1.orf.at\/\" target=\"_blank\" rel=\"noopener\">http:\/\/oe1.ORF.at<\/a><\/p>\n","protected":false},"excerpt":{"rendered":"<p>divina art unterst\u00fctzt ausgew\u00e4hlte Sozialprojekte Verein Kind-Familie-Umwelt Der Verein \u201eKind-Familie-Umwelt\u201c f\u00f6rdert psychisch und physisch in Not geratene Kinder und Jugendliche, indem er finanzielle Mittel f\u00fcr Psychotherapie,<span class=\"excerpt-hellip\"> [\u2026]<\/span><\/p>\n","protected":false},"author":11,"featured_media":0,"parent":3780,"menu_order":0,"comment_status":"closed","ping_status":"closed","template":"","meta":{"_acf_changed":false,"footnotes":""},"class_list":["post-3782","page","type-page","status-publish","hentry"],"acf":[],"yoast_head":"<!-- This site is optimized with the Yoast SEO plugin v28.3 - https:\/\/yoast.com\/product\/yoast-seo-wordpress\/ -->\n<title>Social projects - Art-Advent<\/title>\n<meta name=\"robots\" content=\"index, follow, max-snippet:-1, max-image-preview:large, max-video-preview:-1\" \/>\n<link rel=\"canonical\" href=\"https:\/\/divinaart-at.prossl.de\/en\/verein\/sozialprojekte\/\" \/>\n<meta property=\"og:locale\" content=\"en_US\" \/>\n<meta property=\"og:type\" content=\"article\" \/>\n<meta property=\"og:title\" content=\"Social projects - Art-Advent\" \/>\n<meta property=\"og:description\" content=\"divina art unterst\u00fctzt ausgew\u00e4hlte Sozialprojekte Verein Kind-Familie-Umwelt Der Verein \u201eKind-Familie-Umwelt\u201c f\u00f6rdert psychisch und physisch in Not geratene Kinder und Jugendliche, indem er finanzielle Mittel f\u00fcr Psychotherapie, [\u2026]\" \/>\n<meta property=\"og:url\" content=\"https:\/\/divinaart-at.prossl.de\/en\/verein\/sozialprojekte\/\" \/>\n<meta property=\"og:site_name\" content=\"Art-Advent\" \/>\n<meta property=\"article:modified_time\" content=\"2022-11-07T13:02:27+00:00\" \/>\n<meta name=\"twitter:card\" content=\"summary_large_image\" \/>\n<meta name=\"twitter:label1\" content=\"Est. reading time\" \/>\n\t<meta name=\"twitter:data1\" content=\"6 minutes\" \/>\n<script type=\"application\/ld+json\" class=\"yoast-schema-graph\">{\"@context\":\"https:\\\/\\\/schema.org\",\"@graph\":[{\"@type\":\"WebPage\",\"@id\":\"https:\\\/\\\/divinaart-at.prossl.de\\\/en\\\/verein\\\/sozialprojekte\\\/\",\"url\":\"https:\\\/\\\/divinaart-at.prossl.de\\\/en\\\/verein\\\/sozialprojekte\\\/\",\"name\":\"Social projects - Art-Advent\",\"isPartOf\":{\"@id\":\"https:\\\/\\\/divinaart-at.prossl.de\\\/#website\"},\"datePublished\":\"2017-08-01T08:17:06+00:00\",\"dateModified\":\"2022-11-07T13:02:27+00:00\",\"breadcrumb\":{\"@id\":\"https:\\\/\\\/divinaart-at.prossl.de\\\/en\\\/verein\\\/sozialprojekte\\\/#breadcrumb\"},\"inLanguage\":\"en-US\",\"potentialAction\":[{\"@type\":\"ReadAction\",\"target\":[\"https:\\\/\\\/divinaart-at.prossl.de\\\/en\\\/verein\\\/sozialprojekte\\\/\"]}]},{\"@type\":\"BreadcrumbList\",\"@id\":\"https:\\\/\\\/divinaart-at.prossl.de\\\/en\\\/verein\\\/sozialprojekte\\\/#breadcrumb\",\"itemListElement\":[{\"@type\":\"ListItem\",\"position\":1,\"name\":\"Startseite\",\"item\":\"https:\\\/\\\/divinaart.at\\\/en\\\/\"},{\"@type\":\"ListItem\",\"position\":2,\"name\":\"Association\",\"item\":\"https:\\\/\\\/divinaart-at.prossl.de\\\/en\\\/verein\\\/\"},{\"@type\":\"ListItem\",\"position\":3,\"name\":\"Social projects\"}]},{\"@type\":\"WebSite\",\"@id\":\"https:\\\/\\\/divinaart-at.prossl.de\\\/#website\",\"url\":\"https:\\\/\\\/divinaart-at.prossl.de\\\/\",\"name\":\"Art-Advent\",\"description\":\"Eine Veranstaltung von divina art\",\"potentialAction\":[{\"@type\":\"SearchAction\",\"target\":{\"@type\":\"EntryPoint\",\"urlTemplate\":\"https:\\\/\\\/divinaart-at.prossl.de\\\/?s={search_term_string}\"},\"query-input\":{\"@type\":\"PropertyValueSpecification\",\"valueRequired\":true,\"valueName\":\"search_term_string\"}}],\"inLanguage\":\"en-US\"}]}<\/script>\n<!-- \/ Yoast SEO plugin. -->","yoast_head_json":{"title":"Social projects - Art-Advent","robots":{"index":"index","follow":"follow","max-snippet":"max-snippet:-1","max-image-preview":"max-image-preview:large","max-video-preview":"max-video-preview:-1"},"canonical":"https:\/\/divinaart-at.prossl.de\/en\/verein\/sozialprojekte\/","og_locale":"en_US","og_type":"article","og_title":"Social projects - Art-Advent","og_description":"divina art unterst\u00fctzt ausgew\u00e4hlte Sozialprojekte Verein Kind-Familie-Umwelt Der Verein \u201eKind-Familie-Umwelt\u201c f\u00f6rdert psychisch und physisch in Not geratene Kinder und Jugendliche, indem er finanzielle Mittel f\u00fcr Psychotherapie, [\u2026]","og_url":"https:\/\/divinaart-at.prossl.de\/en\/verein\/sozialprojekte\/","og_site_name":"Art-Advent","article_modified_time":"2022-11-07T13:02:27+00:00","twitter_card":"summary_large_image","twitter_misc":{"Est. reading time":"6 minutes"},"schema":{"@context":"https:\/\/schema.org","@graph":[{"@type":"WebPage","@id":"https:\/\/divinaart-at.prossl.de\/en\/verein\/sozialprojekte\/","url":"https:\/\/divinaart-at.prossl.de\/en\/verein\/sozialprojekte\/","name":"Social projects - Art-Advent","isPartOf":{"@id":"https:\/\/divinaart-at.prossl.de\/#website"},"datePublished":"2017-08-01T08:17:06+00:00","dateModified":"2022-11-07T13:02:27+00:00","breadcrumb":{"@id":"https:\/\/divinaart-at.prossl.de\/en\/verein\/sozialprojekte\/#breadcrumb"},"inLanguage":"en-US","potentialAction":[{"@type":"ReadAction","target":["https:\/\/divinaart-at.prossl.de\/en\/verein\/sozialprojekte\/"]}]},{"@type":"BreadcrumbList","@id":"https:\/\/divinaart-at.prossl.de\/en\/verein\/sozialprojekte\/#breadcrumb","itemListElement":[{"@type":"ListItem","position":1,"name":"Startseite","item":"https:\/\/divinaart.at\/en\/"},{"@type":"ListItem","position":2,"name":"Association","item":"https:\/\/divinaart-at.prossl.de\/en\/verein\/"},{"@type":"ListItem","position":3,"name":"Social projects"}]},{"@type":"WebSite","@id":"https:\/\/divinaart-at.prossl.de\/#website","url":"https:\/\/divinaart-at.prossl.de\/","name":"Art-Advent","description":"Eine Veranstaltung von divina art","potentialAction":[{"@type":"SearchAction","target":{"@type":"EntryPoint","urlTemplate":"https:\/\/divinaart-at.prossl.de\/?s={search_term_string}"},"query-input":{"@type":"PropertyValueSpecification","valueRequired":true,"valueName":"search_term_string"}}],"inLanguage":"en-US"}]}},"_links":{"self":[{"href":"https:\/\/divinaart.at\/en\/wp-json\/wp\/v2\/pages\/3782","targetHints":{"allow":["GET"]}}],"collection":[{"href":"https:\/\/divinaart.at\/en\/wp-json\/wp\/v2\/pages"}],"about":[{"href":"https:\/\/divinaart.at\/en\/wp-json\/wp\/v2\/types\/page"}],"author":[{"embeddable":true,"href":"https:\/\/divinaart.at\/en\/wp-json\/wp\/v2\/users\/11"}],"replies":[{"embeddable":true,"href":"https:\/\/divinaart.at\/en\/wp-json\/wp\/v2\/comments?post=3782"}],"version-history":[{"count":5,"href":"https:\/\/divinaart.at\/en\/wp-json\/wp\/v2\/pages\/3782\/revisions"}],"predecessor-version":[{"id":10318,"href":"https:\/\/divinaart.at\/en\/wp-json\/wp\/v2\/pages\/3782\/revisions\/10318"}],"up":[{"embeddable":true,"href":"https:\/\/divinaart.at\/en\/wp-json\/wp\/v2\/pages\/3780"}],"wp:attachment":[{"href":"https:\/\/divinaart.at\/en\/wp-json\/wp\/v2\/media?parent=3782"}],"curies":[{"name":"wp","href":"https:\/\/api.w.org\/{rel}","templated":true}]}}